{"id":894,"date":"2025-07-11T23:52:41","date_gmt":"2025-07-11T21:52:41","guid":{"rendered":"https:\/\/www.q-pilates.com\/nosaltres\/"},"modified":"2026-01-27T09:53:00","modified_gmt":"2026-01-27T08:53:00","slug":"nosotras","status":"publish","type":"page","link":"https:\/\/www.q-pilates.com\/es\/nosotras\/","title":{"rendered":"Nosotras"},"content":{"rendered":"\r\n\t\t<div  class=\"block-d52a6f81-4a55-43e0-ab6d-1645d26ebc5d areoi-element mt-5\">\r\n\t\t\t\r\n\t\t\t\n\n<figure class=\"wp-block-image size-large\"><img loading=\"lazy\" decoding=\"async\" width=\"1024\" height=\"1024\" src=\"https:\/\/www.q-pilates.com\/wp-content\/uploads\/2026\/01\/IMG_6814-COLLAGE-2-2-1024x1024.jpg\" alt=\"\" class=\"wp-image-1353\" srcset=\"https:\/\/www.q-pilates.com\/wp-content\/uploads\/2026\/01\/IMG_6814-COLLAGE-2-2-1024x1024.jpg 1024w, https:\/\/www.q-pilates.com\/wp-content\/uploads\/2026\/01\/IMG_6814-COLLAGE-2-2-300x300.jpg 300w, https:\/\/www.q-pilates.com\/wp-content\/uploads\/2026\/01\/IMG_6814-COLLAGE-2-2-150x150.jpg 150w, https:\/\/www.q-pilates.com\/wp-content\/uploads\/2026\/01\/IMG_6814-COLLAGE-2-2-768x768.jpg 768w, https:\/\/www.q-pilates.com\/wp-content\/uploads\/2026\/01\/IMG_6814-COLLAGE-2-2-1536x1536.jpg 1536w, https:\/\/www.q-pilates.com\/wp-content\/uploads\/2026\/01\/IMG_6814-COLLAGE-2-2.jpg 1678w\" sizes=\"auto, (max-width: 1024px) 100vw, 1024px\" \/><\/figure>\n\n\r\n\t\t\t \r\n\t\t<\/div>\r\n\t\n\n\r\n\t\t<div  class=\"block-f1722cce-0076-4709-bbb5-74a75bb2293a areoi-element py-5 box-nosotros\">\r\n\t\t\t\r\n\t\t\t\n\n<h2 class=\"wp-block-heading title mb-4\">el estudio de pilates<\/h2>\n\n\n\r\n\t\t<div  class=\"block-732a62d2-14c4-4eec-ae1f-315fe6012891 areoi-element\">\r\n\t\t\t\r\n\t\t\t\n\n<p><strong>QPILATES <\/strong>es un estudio especializado y exclusivo de <strong>Pilates con aparatos<\/strong>. Ofrecemos clases privadas, en d\u00fao y en grupos reducidos de m\u00e1ximo 5 personas, garantizando as\u00ed un acompa\u00f1amiento muy personalizado.<\/p>\n\n\n\n<p>En <strong>QPILATES <\/strong>no solo importa lo que haces, sino c\u00f3mo lo haces. Aplicamos el m\u00e9todo cl\u00e1sico de forma respetuosa con tu cuerpo, adapt\u00e1ndolo a tus necesidades y objetivos individuales. Te guiamos para que progreses de forma segura, eficaz y con resultados reales.<\/p>\n\n\n\n<p class=\"mb-0\">Entendemos el Pilates como un trabajo en equipo entre profesor y alumno. Nosotros aportamos conocimiento, dedicaci\u00f3n y profesionalidad. T\u00fa aportas compromiso contigo mismo\/a y con nosotros, constancia y ganas de crecer. \u00bfEl resultado? Una versi\u00f3n m\u00e1s fuerte, saludable y conectada de ti.<\/p>\n\n\r\n\t\t\t \r\n\t\t<\/div>\r\n\t\n\r\n\t\t\t \r\n\t\t<\/div>\r\n\t\n\n\r\n\t\t<div  class=\"block-b97b057b-5ce5-4d40-8a10-9a28208017c0 areoi-element mb-5\">\r\n\t\t\t\r\n\t\t\t\n\n<h3 class=\"wp-block-heading title mb-3\">EQUIP<\/h3>\n\n\n\r\n\t\t<div  class=\"block-6b08d0f0-8af9-4d67-bf44-c59519af739b areoi-element\">\r\n\t\t\t\r\n\t\t\t\n\n<p>Nuestro equipo est\u00e1 formado por profesionales apasionadas y formadas en las escuelas m\u00e1s prestigiosas del m\u00e9todo Pilates Cl\u00e1sico:<\/p>\n\n\r\n\t\t\t \r\n\t\t<\/div>\r\n\t\n\n\r\n\t\t<div  class=\"block-f12eb847-4023-4ae4-a4c9-96a4e5e0fd70 areoi-element\">\r\n\t\t\t\r\n\t\t\t\n\n\n\n\n<div id=\"equipo-block_9835c013907d027526ab7e045358858c\" class=\"equipo-class \">\n\n\n\n    <div class=\"row gy-5\">\n                                    <div class=\"col-md-4 col-sm-6 col-12\">\n                    <div class=\"equipo-content\">\n                        <div class=\"position-relative\">\n                            <img decoding=\"async\" src=\"https:\/\/www.q-pilates.com\/wp-content\/uploads\/2025\/07\/EVA-QUERALT-1-scaled.jpg\" >\n                            <div class=\"equipo-descripcion\">\n                                <div class=\"equipo-close text-end\">\n                                    <span class=\"dashicons dashicons-no-alt\"><\/span>\n                                <\/div>\n                                Empec\u00e9 practicando Pilates a los 19 a\u00f1os. Me certifiqu\u00e9 en todos los equipos y niveles, patolog\u00edas de columna y rehabilitaci\u00f3n oncol\u00f3gica. Actualmente sigo form\u00e1ndome acudiendo regularmente al estudio de Brooke Siler (UK) y al de Maria Earle. <br \/>\r\nHe trabajado en el Reino Unido y en Catar, hasta que fund\u00e9 QPILATES en Barcelona (2014) y QPILATES TORRE\u00d3N en Badalona (2018).<br \/>\r\nHe aplicado el m\u00e9todo Pilates en m\u00ed misma durante el embarazo, el postoperatorio de una ces\u00e1rea, lesiones y la recuperaci\u00f3n de un accidente, lo que me ayuda a comprender mejor a cada alumno. Imparto clases con precisi\u00f3n, sensibilidad y profundo respeto a cada cuerpo.<br \/>\r\nCada sesi\u00f3n es una oportunidad para transformarse.                            <\/div>\n                        <\/div>\n                        <div class=\"equipo-name py-2 bb\">\n                            <h4 class=\"text-center py-1 h6 mb-0\">EVA QUERALT<\/h4>\n                        <\/div>\n                    <\/div>\n                <\/div>\n                            <div class=\"col-md-4 col-sm-6 col-12\">\n                    <div class=\"equipo-content\">\n                        <div class=\"position-relative\">\n                            <img decoding=\"async\" src=\"https:\/\/www.q-pilates.com\/wp-content\/uploads\/2025\/07\/CARMEN-TORRES-1.jpg\" >\n                            <div class=\"equipo-descripcion\">\n                                <div class=\"equipo-close text-end\">\n                                    <span class=\"dashicons dashicons-no-alt\"><\/span>\n                                <\/div>\n                                Soy licenciada en Educaci\u00f3n F\u00edsica y, tras a\u00f1os dedicada al entrenamiento personal, descubr\u00ed el Pilates cl\u00e1sico en 2011 en Brasil\u2026 \u00a1y me enamor\u00e9 del m\u00e9todo!<br \/>\r\nHe impartido clases en Brasil, Irlanda y, desde 2022, formo parte del equipo de QPILATES en Barcelona.<br \/>\r\nCertificada con Balanced Body, adapto cada sesi\u00f3n al nivel y necesidades de cada persona.<br \/>\r\nMi objetivo es que descubras en tu cuerpo todos los beneficios de este m\u00e9todo transformador.<br \/>\r\n<br \/>\r\nPilates es mucho m\u00e1s que ejercicio: es conciencia, fuerza y bienestar.                            <\/div>\n                        <\/div>\n                        <div class=\"equipo-name py-2 bb\">\n                            <h4 class=\"text-center py-1 h6 mb-0\">CARMEN TORRES<\/h4>\n                        <\/div>\n                    <\/div>\n                <\/div>\n                            <div class=\"col-md-4 col-sm-6 col-12\">\n                    <div class=\"equipo-content\">\n                        <div class=\"position-relative\">\n                            <img decoding=\"async\" src=\"https:\/\/www.q-pilates.com\/wp-content\/uploads\/2025\/07\/Daniella-Cordao.jpg\" >\n                            <div class=\"equipo-descripcion\">\n                                <div class=\"equipo-close text-end\">\n                                    <span class=\"dashicons dashicons-no-alt\"><\/span>\n                                <\/div>\n                                Soy licenciada en educaci\u00f3n f\u00edsica y al inicio de mi carrera, me dediqu\u00e9 m\u00e1s al entrenamiento personal en gimnasios. En 2011, empec\u00e9 mi certificaci\u00f3n de Pilates cl\u00e1sico en Brasil por curiosidad, ya que se hablaba mucho de los beneficios y&#8230; \u00a1Me enamor\u00e9 del m\u00e9todo!  Abr\u00ed un Estudio en mi ciudad. En 2015 vend\u00ed el estudio y me mud\u00e9 a Dubl\u00edn para estudiar ingl\u00e9s. Viv\u00ed all\u00ed durante 7 a\u00f1os donde pude trabajar en estudios trabajando en grupos y de forma privada, e hice otro curso de formaci\u00f3n con Balanced Body. En mayo de 2022 me mud\u00e9 a Barcelona, (\u00a1una ciudad que cada d\u00eda me gusta m\u00e1s!) y entr\u00e9 a formar parte del equipo QPILATES. Adapto mis clases a cada persona y a su nivel para que pueda encontrar, en su cuerpo, todos los beneficios del m\u00e9todo.                             <\/div>\n                        <\/div>\n                        <div class=\"equipo-name py-2 bb\">\n                            <h4 class=\"text-center py-1 h6 mb-0\">DANIELA CORDAO<\/h4>\n                        <\/div>\n                    <\/div>\n                <\/div>\n                            <div class=\"col-md-4 col-sm-6 col-12\">\n                    <div class=\"equipo-content\">\n                        <div class=\"position-relative\">\n                            <img decoding=\"async\" src=\"https:\/\/www.q-pilates.com\/wp-content\/uploads\/2025\/07\/JUDITH-SAEZ-1-scaled.jpg\" >\n                            <div class=\"equipo-descripcion\">\n                                <div class=\"equipo-close text-end\">\n                                    <span class=\"dashicons dashicons-no-alt\"><\/span>\n                                <\/div>\n                                Certificada con Fabien Menegon (EEDAP) y con un M\u00e1ster en Pilatistic Old School, sigo form\u00e1ndome con referentes como N\u00faria Vives, Alba Rigol, Maria Earle\u2026<br \/>\r\nEstoy en constante exploraci\u00f3n del m\u00e9todo para ofrecer una mejor experiencia en cada clase. Me apasiona ense\u00f1ar Pilates y adaptarlo a las necesidades y objetivos de cada persona.<br \/>\r\nEn QPILATES, acompa\u00f1o al alumno con atenci\u00f3n al detalle, claridad y respeto por su proceso.<br \/>\r\nEl objetivo: ganar conciencia, autonom\u00eda e integrar el movimiento en la vida cotidiana.<br \/>\r\n<br \/>\r\nTu mejor versi\u00f3n empieza con el movimiento consciente.                            <\/div>\n                        <\/div>\n                        <div class=\"equipo-name py-2 bb\">\n                            <h4 class=\"text-center py-1 h6 mb-0\">JUDITH SAEZ<\/h4>\n                        <\/div>\n                    <\/div>\n                <\/div>\n                            <div class=\"col-md-4 col-sm-6 col-12\">\n                    <div class=\"equipo-content\">\n                        <div class=\"position-relative\">\n                            <img decoding=\"async\" src=\"https:\/\/www.q-pilates.com\/wp-content\/uploads\/2026\/01\/92e7b5bb-ced7-4e87-b047-bef46ef2be0c.jpg\" >\n                            <div class=\"equipo-descripcion\">\n                                <div class=\"equipo-close text-end\">\n                                    <span class=\"dashicons dashicons-no-alt\"><\/span>\n                                <\/div>\n                                Soy instuctora de Pilates Cl\u00e1sico, graduada en Educaci\u00f3n F\u00edsica en Brasil. Apasionada por lo que hago, creo que el movimiento es el mejor remedio para el cuerpo y la mente. Como dec\u00eda Joseph Pilates &quot;el cambio sucede a trav\u00e9s del movimiento y el movimiento cura&quot;. \u00a1Te espero en QPILATES!                            <\/div>\n                        <\/div>\n                        <div class=\"equipo-name py-2 bb\">\n                            <h4 class=\"text-center py-1 h6 mb-0\">LIDI DE VIT MEDEIROS<\/h4>\n                        <\/div>\n                    <\/div>\n                <\/div>\n                            <div class=\"col-md-4 col-sm-6 col-12\">\n                    <div class=\"equipo-content\">\n                        <div class=\"position-relative\">\n                            <img decoding=\"async\" src=\"https:\/\/www.q-pilates.com\/wp-content\/uploads\/2025\/07\/FLOR-LAMANNA-1-scaled.jpg\" >\n                            <div class=\"equipo-descripcion\">\n                                <div class=\"equipo-close text-end\">\n                                    <span class=\"dashicons dashicons-no-alt\"><\/span>\n                                <\/div>\n                                Empec\u00e9 con Pilates Mat a los 14 a\u00f1os en Argentina y me he formado con maestros reconocidos como \u00c9rika Almod\u00f3var, Pilatistic Old School, Blandine Cal\u00e1is Germain y actualmente con Fabien Menegon (EEDAP).<br \/>\r\nEn QPILATES ayudo a los alumnos a conectar con su cuerpo a trav\u00e9s de un movimiento consciente y respetuoso.<br \/>\r\nEl Pilates es un camino para toda la vida. \u2764\ufe0f                            <\/div>\n                        <\/div>\n                        <div class=\"equipo-name py-2 bb\">\n                            <h4 class=\"text-center py-1 h6 mb-0\">FLOR LAMANNA<\/h4>\n                        <\/div>\n                    <\/div>\n                <\/div>\n                            <div class=\"col-md-4 col-sm-6 col-12\">\n                    <div class=\"equipo-content\">\n                        <div class=\"position-relative\">\n                            <img decoding=\"async\" src=\"https:\/\/www.q-pilates.com\/wp-content\/uploads\/2025\/07\/Naty-Marturet-1.jpg\" >\n                            <div class=\"equipo-descripcion\">\n                                <div class=\"equipo-close text-end\">\n                                    <span class=\"dashicons dashicons-no-alt\"><\/span>\n                                <\/div>\n                                Nac\u00ed en Argentina. Licenciada en Pilates Authentico, en la Escuela Espa\u00f1ola de Authentico Pilates (EEDAP) de Barcelona, me he especializado en clases individuales y puedo adaptar las sesiones a diferentes tipos de cuerpos y patolog\u00edas.<br \/>\r\nAmo lo que hago, creo en el m\u00e9todo cl\u00e1sico y mi mayor deseo es que las personas que vienen a tomar clases en QPILATES, tomen conciencia y se conecten con su cuerpo para poder as\u00ed evolucionar f\u00edsicamente<br \/>\r\n<br \/>\r\nPilates es el camino que mejora tu vida.                            <\/div>\n                        <\/div>\n                        <div class=\"equipo-name py-2 bb\">\n                            <h4 class=\"text-center py-1 h6 mb-0\">NATY MARTURET<\/h4>\n                        <\/div>\n                    <\/div>\n                <\/div>\n                            <div class=\"col-md-4 col-sm-6 col-12\">\n                    <div class=\"equipo-content\">\n                        <div class=\"position-relative\">\n                            <img decoding=\"async\" src=\"https:\/\/www.q-pilates.com\/wp-content\/uploads\/2025\/07\/JENI-ESCOBAR-1.jpg\" >\n                            <div class=\"equipo-descripcion\">\n                                <div class=\"equipo-close text-end\">\n                                    <span class=\"dashicons dashicons-no-alt\"><\/span>\n                                <\/div>\n                                \u00a1Hola! Soy Jeni, nacida en Argentina y formada como instructora de Pilates en EEDAP Barcelona. Dedico mi coraz\u00f3n a esta profesi\u00f3n que me apasiona, me encanta el movimiento en todas sus formas y siempre estoy explorando nuevas disciplinas que enriquecen mi manera de ense\u00f1ar.<br \/>\r\nSoy tranquila y observado para detectar detalles y adaptarme a cada alumno. \u00a1Eso s\u00ed\u2026 no te f\u00edes de mi calma! Mis clases pueden ser muy intensas.<br \/>\r\nEn QPILATES busco que cada sesi\u00f3n sea un espacio de conexi\u00f3n y autocuidado y que los clientes se vayan con una sonrisa.<br \/>\r\n<br \/>\r\nPorque el Pilates no es solo ejercicio, es una forma hermosa de cuidarse.                            <\/div>\n                        <\/div>\n                        <div class=\"equipo-name py-2 bb\">\n                            <h4 class=\"text-center py-1 h6 mb-0\">JENI ESCOBAR<\/h4>\n                        <\/div>\n                    <\/div>\n                <\/div>\n                            <div class=\"col-md-4 col-sm-6 col-12\">\n                    <div class=\"equipo-content\">\n                        <div class=\"position-relative\">\n                            <img decoding=\"async\" src=\"https:\/\/www.q-pilates.com\/wp-content\/uploads\/2025\/07\/AGUS-DE-SAA.jpg\" >\n                            <div class=\"equipo-descripcion\">\n                                <div class=\"equipo-close text-end\">\n                                    <span class=\"dashicons dashicons-no-alt\"><\/span>\n                                <\/div>\n                                Nac\u00ed en Montevideo (Uruguay), donde me licenci\u00e9 en Educaci\u00f3n F\u00edsica. Durante muchos a\u00f1os practiqu\u00e9 gimnasia art\u00edstica y otros deportes hasta que descubr\u00ed el m\u00e9todo Pilates. Me certifiqu\u00e9 en todos los niveles y equipos y sigo en formaci\u00f3n continua del m\u00e9todo cl\u00e1sico. Imparto clases en castellano, italiano e ingl\u00e9s.<br \/>\r\nEn QPILATES, mi objetivo es transmitir con entusiasmo y pasi\u00f3n, una forma de transformar tu cuerpo a trav\u00e9s de la pr\u00e1ctica del movimiento.<br \/>\r\n<br \/>\r\n\u00a1Mu\u00e9vete para transformarte!                            <\/div>\n                        <\/div>\n                        <div class=\"equipo-name py-2 bb\">\n                            <h4 class=\"text-center py-1 h6 mb-0\">AGUS DE SAA<\/h4>\n                        <\/div>\n                    <\/div>\n                <\/div>\n                            <div class=\"col-md-4 col-sm-6 col-12\">\n                    <div class=\"equipo-content\">\n                        <div class=\"position-relative\">\n                            <img decoding=\"async\" src=\"https:\/\/www.q-pilates.com\/wp-content\/uploads\/2026\/01\/PHOTO-2026-01-12-15-19-13.jpg\" >\n                            <div class=\"equipo-descripcion\">\n                                <div class=\"equipo-close text-end\">\n                                    <span class=\"dashicons dashicons-no-alt\"><\/span>\n                                <\/div>\n                                Mi amor por Pilates comenz\u00f3 hace 15 a\u00f1os, cuando fuimos con mi madre a nuestra primera clase .Por primera vez, sent\u00ed una conexi\u00f3n y control con mi cuerpo, algo que nunca hab\u00eda experimentado con otros deportes. Decid\u00ed formarme con Romana\u2019s Pilates y comenzar este hermoso camino en donde disfruto enormemente poder dar clases a personas y acompa\u00f1arlas en su proceso personal, gui\u00e1ndoles y viendo progresan con trabajo y dedicaci\u00f3n. Contin\u00fao constantemente form\u00e1ndome para poder seguir el camino m\u00e1s correcto para cada persona.                            <\/div>\n                        <\/div>\n                        <div class=\"equipo-name py-2 bb\">\n                            <h4 class=\"text-center py-1 h6 mb-0\">GABY YUNGE<\/h4>\n                        <\/div>\n                    <\/div>\n                <\/div>\n                            <div class=\"col-md-4 col-sm-6 col-12\">\n                    <div class=\"equipo-content\">\n                        <div class=\"position-relative\">\n                            <img decoding=\"async\" src=\"https:\/\/www.q-pilates.com\/wp-content\/uploads\/2026\/01\/ecce8f7b-e5f6-465e-875d-f673e8f3ff4b-1.jpg\" >\n                            <div class=\"equipo-descripcion\">\n                                <div class=\"equipo-close text-end\">\n                                    <span class=\"dashicons dashicons-no-alt\"><\/span>\n                                <\/div>\n                                Soy Sofi Fuster y formo parte del equipo QPILATES. Vengo del mundo de la danza cl\u00e1sica y siempre he estado involucrada en el m\u00e9todo Cl\u00e1sico de Pilates. Actualmente estoy haciendo la certificaci\u00f3n en APLC (Authentic Pilates) con Erica Almodovar. Mi enfoque se basa en el movimiento consciente y el respeto por el cuerpo.                            <\/div>\n                        <\/div>\n                        <div class=\"equipo-name py-2 bb\">\n                            <h4 class=\"text-center py-1 h6 mb-0\">SOFI FUSTER<\/h4>\n                        <\/div>\n                    <\/div>\n                <\/div>\n                    \n    <\/div>\n\n\n<\/div>\n\n\n\r\n\t\t\t \r\n\t\t<\/div>\r\n\t\n\r\n\t\t\t \r\n\t\t<\/div>\r\n\t","protected":false},"excerpt":{"rendered":"<p>el estudio de pilates QPILATES es un estudio especializado y exclusivo de Pilates con aparatos. Ofrecemos clases privadas, en d\u00fao y en grupos reducidos de m\u00e1ximo 5 personas, garantizando as\u00ed un acompa\u00f1amiento muy personalizado. En QPILATES no solo importa lo que haces, sino c\u00f3mo lo<\/p>\n","protected":false},"author":1,"featured_media":0,"parent":0,"menu_order":0,"comment_status":"closed","ping_status":"closed","template":"","meta":{"_acf_changed":false,"footnotes":""},"class_list":["post-894","page","type-page","status-publish","hentry"],"acf":[],"yoast_head":"<!-- This site is optimized with the Yoast SEO plugin v26.7 - https:\/\/yoast.com\/wordpress\/plugins\/seo\/ -->\n<title>Nosotras - QPilates<\/title>\n<meta name=\"robots\" content=\"index, follow, max-snippet:-1, max-image-preview:large, max-video-preview:-1\" \/>\n<link rel=\"canonical\" href=\"https:\/\/www.q-pilates.com\/es\/nosotras\/\" \/>\n<meta property=\"og:locale\" content=\"es_ES\" \/>\n<meta property=\"og:type\" content=\"article\" \/>\n<meta property=\"og:title\" content=\"Nosotras - QPilates\" \/>\n<meta property=\"og:description\" content=\"el estudio de pilates QPILATES es un estudio especializado y exclusivo de Pilates con aparatos. Ofrecemos clases privadas, en d\u00fao y en grupos reducidos de m\u00e1ximo 5 personas, garantizando as\u00ed un acompa\u00f1amiento muy personalizado. En QPILATES no solo importa lo que haces, sino c\u00f3mo lo\" \/>\n<meta property=\"og:url\" content=\"https:\/\/www.q-pilates.com\/es\/nosotras\/\" \/>\n<meta property=\"og:site_name\" content=\"QPilates\" \/>\n<meta property=\"article:modified_time\" content=\"2026-01-27T08:53:00+00:00\" \/>\n<meta property=\"og:image\" content=\"https:\/\/www.q-pilates.com\/wp-content\/uploads\/2026\/01\/IMG_6814-COLLAGE-2-2.jpg\" \/>\n\t<meta property=\"og:image:width\" content=\"1678\" \/>\n\t<meta property=\"og:image:height\" content=\"1678\" \/>\n\t<meta property=\"og:image:type\" content=\"image\/jpeg\" \/>\n<meta name=\"twitter:card\" content=\"summary_large_image\" \/>\n<meta name=\"twitter:label1\" content=\"Tiempo de lectura\" \/>\n\t<meta name=\"twitter:data1\" content=\"1 minuto\" \/>\n<script type=\"application\/ld+json\" class=\"yoast-schema-graph\">{\"@context\":\"https:\/\/schema.org\",\"@graph\":[{\"@type\":\"WebPage\",\"@id\":\"https:\/\/www.q-pilates.com\/es\/nosotras\/\",\"url\":\"https:\/\/www.q-pilates.com\/es\/nosotras\/\",\"name\":\"Nosotras - QPilates\",\"isPartOf\":{\"@id\":\"https:\/\/www.q-pilates.com\/#website\"},\"primaryImageOfPage\":{\"@id\":\"https:\/\/www.q-pilates.com\/es\/nosotras\/#primaryimage\"},\"image\":{\"@id\":\"https:\/\/www.q-pilates.com\/es\/nosotras\/#primaryimage\"},\"thumbnailUrl\":\"https:\/\/www.q-pilates.com\/wp-content\/uploads\/2026\/01\/IMG_6814-COLLAGE-2-2-1024x1024.jpg\",\"datePublished\":\"2025-07-11T21:52:41+00:00\",\"dateModified\":\"2026-01-27T08:53:00+00:00\",\"breadcrumb\":{\"@id\":\"https:\/\/www.q-pilates.com\/es\/nosotras\/#breadcrumb\"},\"inLanguage\":\"es\",\"potentialAction\":[{\"@type\":\"ReadAction\",\"target\":[\"https:\/\/www.q-pilates.com\/es\/nosotras\/\"]}]},{\"@type\":\"ImageObject\",\"inLanguage\":\"es\",\"@id\":\"https:\/\/www.q-pilates.com\/es\/nosotras\/#primaryimage\",\"url\":\"https:\/\/www.q-pilates.com\/wp-content\/uploads\/2026\/01\/IMG_6814-COLLAGE-2-2-1024x1024.jpg\",\"contentUrl\":\"https:\/\/www.q-pilates.com\/wp-content\/uploads\/2026\/01\/IMG_6814-COLLAGE-2-2-1024x1024.jpg\"},{\"@type\":\"BreadcrumbList\",\"@id\":\"https:\/\/www.q-pilates.com\/es\/nosotras\/#breadcrumb\",\"itemListElement\":[{\"@type\":\"ListItem\",\"position\":1,\"name\":\"Inici\",\"item\":\"https:\/\/www.q-pilates.com\/es\/\"},{\"@type\":\"ListItem\",\"position\":2,\"name\":\"Nosotras\"}]},{\"@type\":\"WebSite\",\"@id\":\"https:\/\/www.q-pilates.com\/#website\",\"url\":\"https:\/\/www.q-pilates.com\/\",\"name\":\"Pilates\",\"description\":\"\",\"publisher\":{\"@id\":\"https:\/\/www.q-pilates.com\/#organization\"},\"potentialAction\":[{\"@type\":\"SearchAction\",\"target\":{\"@type\":\"EntryPoint\",\"urlTemplate\":\"https:\/\/www.q-pilates.com\/?s={search_term_string}\"},\"query-input\":{\"@type\":\"PropertyValueSpecification\",\"valueRequired\":true,\"valueName\":\"search_term_string\"}}],\"inLanguage\":\"es\"},{\"@type\":\"Organization\",\"@id\":\"https:\/\/www.q-pilates.com\/#organization\",\"name\":\"Pilates\",\"url\":\"https:\/\/www.q-pilates.com\/\",\"logo\":{\"@type\":\"ImageObject\",\"inLanguage\":\"es\",\"@id\":\"https:\/\/www.q-pilates.com\/#\/schema\/logo\/image\/\",\"url\":\"https:\/\/www.q-pilates.com\/wp-content\/uploads\/2025\/07\/logo.png\",\"contentUrl\":\"https:\/\/www.q-pilates.com\/wp-content\/uploads\/2025\/07\/logo.png\",\"width\":328,\"height\":198,\"caption\":\"Pilates\"},\"image\":{\"@id\":\"https:\/\/www.q-pilates.com\/#\/schema\/logo\/image\/\"}}]}<\/script>\n<!-- \/ Yoast SEO plugin. -->","yoast_head_json":{"title":"Nosotras - QPilates","robots":{"index":"index","follow":"follow","max-snippet":"max-snippet:-1","max-image-preview":"max-image-preview:large","max-video-preview":"max-video-preview:-1"},"canonical":"https:\/\/www.q-pilates.com\/es\/nosotras\/","og_locale":"es_ES","og_type":"article","og_title":"Nosotras - QPilates","og_description":"el estudio de pilates QPILATES es un estudio especializado y exclusivo de Pilates con aparatos. Ofrecemos clases privadas, en d\u00fao y en grupos reducidos de m\u00e1ximo 5 personas, garantizando as\u00ed un acompa\u00f1amiento muy personalizado. En QPILATES no solo importa lo que haces, sino c\u00f3mo lo","og_url":"https:\/\/www.q-pilates.com\/es\/nosotras\/","og_site_name":"QPilates","article_modified_time":"2026-01-27T08:53:00+00:00","og_image":[{"width":1678,"height":1678,"url":"https:\/\/www.q-pilates.com\/wp-content\/uploads\/2026\/01\/IMG_6814-COLLAGE-2-2.jpg","type":"image\/jpeg"}],"twitter_card":"summary_large_image","twitter_misc":{"Tiempo de lectura":"1 minuto"},"schema":{"@context":"https:\/\/schema.org","@graph":[{"@type":"WebPage","@id":"https:\/\/www.q-pilates.com\/es\/nosotras\/","url":"https:\/\/www.q-pilates.com\/es\/nosotras\/","name":"Nosotras - QPilates","isPartOf":{"@id":"https:\/\/www.q-pilates.com\/#website"},"primaryImageOfPage":{"@id":"https:\/\/www.q-pilates.com\/es\/nosotras\/#primaryimage"},"image":{"@id":"https:\/\/www.q-pilates.com\/es\/nosotras\/#primaryimage"},"thumbnailUrl":"https:\/\/www.q-pilates.com\/wp-content\/uploads\/2026\/01\/IMG_6814-COLLAGE-2-2-1024x1024.jpg","datePublished":"2025-07-11T21:52:41+00:00","dateModified":"2026-01-27T08:53:00+00:00","breadcrumb":{"@id":"https:\/\/www.q-pilates.com\/es\/nosotras\/#breadcrumb"},"inLanguage":"es","potentialAction":[{"@type":"ReadAction","target":["https:\/\/www.q-pilates.com\/es\/nosotras\/"]}]},{"@type":"ImageObject","inLanguage":"es","@id":"https:\/\/www.q-pilates.com\/es\/nosotras\/#primaryimage","url":"https:\/\/www.q-pilates.com\/wp-content\/uploads\/2026\/01\/IMG_6814-COLLAGE-2-2-1024x1024.jpg","contentUrl":"https:\/\/www.q-pilates.com\/wp-content\/uploads\/2026\/01\/IMG_6814-COLLAGE-2-2-1024x1024.jpg"},{"@type":"BreadcrumbList","@id":"https:\/\/www.q-pilates.com\/es\/nosotras\/#breadcrumb","itemListElement":[{"@type":"ListItem","position":1,"name":"Inici","item":"https:\/\/www.q-pilates.com\/es\/"},{"@type":"ListItem","position":2,"name":"Nosotras"}]},{"@type":"WebSite","@id":"https:\/\/www.q-pilates.com\/#website","url":"https:\/\/www.q-pilates.com\/","name":"Pilates","description":"","publisher":{"@id":"https:\/\/www.q-pilates.com\/#organization"},"potentialAction":[{"@type":"SearchAction","target":{"@type":"EntryPoint","urlTemplate":"https:\/\/www.q-pilates.com\/?s={search_term_string}"},"query-input":{"@type":"PropertyValueSpecification","valueRequired":true,"valueName":"search_term_string"}}],"inLanguage":"es"},{"@type":"Organization","@id":"https:\/\/www.q-pilates.com\/#organization","name":"Pilates","url":"https:\/\/www.q-pilates.com\/","logo":{"@type":"ImageObject","inLanguage":"es","@id":"https:\/\/www.q-pilates.com\/#\/schema\/logo\/image\/","url":"https:\/\/www.q-pilates.com\/wp-content\/uploads\/2025\/07\/logo.png","contentUrl":"https:\/\/www.q-pilates.com\/wp-content\/uploads\/2025\/07\/logo.png","width":328,"height":198,"caption":"Pilates"},"image":{"@id":"https:\/\/www.q-pilates.com\/#\/schema\/logo\/image\/"}}]}},"_links":{"self":[{"href":"https:\/\/www.q-pilates.com\/es\/wp-json\/wp\/v2\/pages\/894","targetHints":{"allow":["GET"]}}],"collection":[{"href":"https:\/\/www.q-pilates.com\/es\/wp-json\/wp\/v2\/pages"}],"about":[{"href":"https:\/\/www.q-pilates.com\/es\/wp-json\/wp\/v2\/types\/page"}],"author":[{"embeddable":true,"href":"https:\/\/www.q-pilates.com\/es\/wp-json\/wp\/v2\/users\/1"}],"replies":[{"embeddable":true,"href":"https:\/\/www.q-pilates.com\/es\/wp-json\/wp\/v2\/comments?post=894"}],"version-history":[{"count":10,"href":"https:\/\/www.q-pilates.com\/es\/wp-json\/wp\/v2\/pages\/894\/revisions"}],"predecessor-version":[{"id":1390,"href":"https:\/\/www.q-pilates.com\/es\/wp-json\/wp\/v2\/pages\/894\/revisions\/1390"}],"wp:attachment":[{"href":"https:\/\/www.q-pilates.com\/es\/wp-json\/wp\/v2\/media?parent=894"}],"curies":[{"name":"wp","href":"https:\/\/api.w.org\/{rel}","templated":true}]}}